{"id":2502,"date":"2024-01-25T20:39:36","date_gmt":"2024-01-25T20:39:36","guid":{"rendered":"https:\/\/www.optowest.fi\/?page_id=2502"},"modified":"2024-12-12T12:08:51","modified_gmt":"2024-12-12T12:08:51","slug":"2502-2","status":"publish","type":"page","link":"https:\/\/www.optowest.fi\/?page_id=2502","title":{"rendered":"Info om fiberprojektet i Padva och Korsuddarna"},"content":{"rendered":"\n<h2 class=\"wp-block-heading has-vivid-cyan-blue-color has-text-color has-link-color wp-elements-e46d3e42e4b2c73d5d6ea01f3d698a3d\">Optowest h\u00f6ll ett info-m\u00f6te i Villa Vera s\u00f6ndagen den 4.2.2024<\/h2>\n\n\n\n<p><img loading=\"lazy\" decoding=\"async\" width=\"300\" height=\"64\" class=\"wp-image-2712\" style=\"width: 300px;\" src=\"https:\/\/www.optowest.fi\/wp-content\/uploads\/2024\/12\/EU_Medfinansieras_svPOS-scaled.jpg\" alt=\"\" srcset=\"https:\/\/www.optowest.fi\/wp-content\/uploads\/2024\/12\/EU_Medfinansieras_svPOS-scaled.jpg 2560w, https:\/\/www.optowest.fi\/wp-content\/uploads\/2024\/12\/EU_Medfinansieras_svPOS-300x64.jpg 300w, https:\/\/www.optowest.fi\/wp-content\/uploads\/2024\/12\/EU_Medfinansieras_svPOS-1024x218.jpg 1024w, https:\/\/www.optowest.fi\/wp-content\/uploads\/2024\/12\/EU_Medfinansieras_svPOS-768x164.jpg 768w, https:\/\/www.optowest.fi\/wp-content\/uploads\/2024\/12\/EU_Medfinansieras_svPOS-1536x328.jpg 1536w, https:\/\/www.optowest.fi\/wp-content\/uploads\/2024\/12\/EU_Medfinansieras_svPOS-2048x437.jpg 2048w\" sizes=\"auto, (max-width: 300px) 100vw, 300px\" \/><\/p>\n\n\n\n<p>Budskapet p\u00e5 m\u00f6tet var att andelslaget \u00e4nnu en tid (februari-mars 2024) kan ta emot fiberbest\u00e4llningar p\u00e5 projektomr\u00e5det i Padva, V\u00e4ttlax, Orvalx och Korsuddarna. Fiberkablarna kommer att bli nerlagda under 2024.<\/p>\n\n\n\n<p><strong>Endast de som best\u00e4llt en fiberanslutning kommer att kunna f\u00e5 en anslutning.<\/strong> Alla andra inom projektomr\u00e5det kommer tyv\u00e4rr att bli utan fast dataf\u00f6rbindelse i \u00f6versk\u00e5dlig framtid. N\u00e5gra extra kablar l\u00e4ggs inte ut denna g\u00e5ng.<\/p>\n\n\n<div class=\"wp-block-image\">\n<figure class=\"alignright size-large is-resized\"><a href=\"https:\/\/www.optowest.fi\/wp-content\/uploads\/2024\/01\/FiberDrag-scaled.jpg\"><img loading=\"lazy\" decoding=\"async\" width=\"1024\" height=\"768\" src=\"https:\/\/www.optowest.fi\/wp-content\/uploads\/2024\/01\/FiberDrag-1024x768.jpg\" alt=\"\" class=\"wp-image-2567\" style=\"width:333px;height:auto\" srcset=\"https:\/\/www.optowest.fi\/wp-content\/uploads\/2024\/01\/FiberDrag-1024x768.jpg 1024w, https:\/\/www.optowest.fi\/wp-content\/uploads\/2024\/01\/FiberDrag-300x225.jpg 300w, https:\/\/www.optowest.fi\/wp-content\/uploads\/2024\/01\/FiberDrag-768x576.jpg 768w, https:\/\/www.optowest.fi\/wp-content\/uploads\/2024\/01\/FiberDrag-1536x1152.jpg 1536w, https:\/\/www.optowest.fi\/wp-content\/uploads\/2024\/01\/FiberDrag-2048x1536.jpg 2048w\" sizes=\"auto, (max-width: 1024px) 100vw, 1024px\" \/><\/a><figcaption class=\"wp-element-caption\">Foto: Stefan Elf<\/figcaption><\/figure>\n<\/div>\n\n\n<p><br>Orsaken \u00e4r att fibern\u00e4t p\u00e5 glesbygden endast kan byggas ut med hj\u00e4lp av st\u00f6dpengar. Just nu finns ett beviljat EU-st\u00f6d p\u00e5 70% med en egen andel p\u00e5 30%. Priset f\u00f6r en fiberanslutning blir d\u00e5 3150\u20ac. <\/p>\n\n\n\n<p>N\u00e5gra nya st\u00f6d p\u00e5 samma omr\u00e5den \u00e4r inte aktuella efter det h\u00e4r. Priset stiger ocks\u00e5 till ett sj\u00e4lvkostnadspris p\u00e5 15000-20000\u20ac\/km fr\u00e5n n\u00e4rmaste kopplingssk\u00e5p.<\/p>\n\n\n\n<p><strong>Missa d\u00e4rf\u00f6r inte att g\u00f6ra best\u00e4llnigen redan idag!<\/strong><br><br><br>Se kartorna l\u00e4ngst ner p\u00e5 sidan.<br><br><strong>Det finns tre fall<\/strong><br><\/p>\n\n\n\n<ol class=\"wp-block-list\" style=\"list-style-type:1\">\n<li><strong>Fastigheten har redan gjort sin best\u00e4llning.<\/strong><br>I detta fall beh\u00f6ver du inte g\u00f6ra n\u00e5gonting alls, fastigheten kommer att kopplas till fibern\u00e4tet under 2024. Du \u00e4r v\u00e4lkommen p\u00e5 Optowests m\u00f6te.<br><br><\/li>\n\n\n\n<li><strong>Din fastighet ligger inom st\u00f6domr\u00e5det, men best\u00e4llning saknas<\/strong>.<br>Dessa fastigheter k\u00e4nns igen p\u00e5 att de ligger <em>innanf\u00f6r <\/em>n\u00e5got av kartornas gr\u00f6na omr\u00e5den.<br>I detta fall kan du g\u00f6ra en best\u00e4llning av en fiberanslutning f\u00f6r 3&nbsp;150\u20ac inklusive en handpeng p\u00e5 1 000\u20ac.<br><br><\/li>\n\n\n\n<li><strong>Din fastighet ligger utanf\u00f6r st\u00f6domr\u00e5det, men best\u00e4llning saknas<\/strong>.<br>Dessa fastigheter k\u00e4nns igen p\u00e5 att de ligger <em>utanf\u00f6r <\/em>n\u00e5got av de bifogade kartornas gr\u00f6na omr\u00e5den. I detta fall kan du g\u00f6ra en fibebest\u00e4llning, men Optowest granskar f\u00f6rst om det \u00e4r m\u00f6jligt att f\u00f6rverkliga. Det beror mycket p\u00e5 hur andra grannar i n\u00e4rheten best\u00e4ller fiber \u00e5t sig.<br><br><\/li>\n<\/ol>\n\n\n<div class=\"wp-block-image is-style-rounded\">\n<figure class=\"alignleft size-large is-resized\"><a href=\"https:\/\/www.optowest.fi\/wp-content\/uploads\/2024\/01\/DraFiberHem.jpg\"><img loading=\"lazy\" decoding=\"async\" width=\"1024\" height=\"819\" src=\"https:\/\/www.optowest.fi\/wp-content\/uploads\/2024\/01\/DraFiberHem-1024x819.jpg\" alt=\"\" class=\"wp-image-2565\" style=\"width:338px;height:auto\" srcset=\"https:\/\/www.optowest.fi\/wp-content\/uploads\/2024\/01\/DraFiberHem-1024x819.jpg 1024w, https:\/\/www.optowest.fi\/wp-content\/uploads\/2024\/01\/DraFiberHem-300x240.jpg 300w, https:\/\/www.optowest.fi\/wp-content\/uploads\/2024\/01\/DraFiberHem-768x614.jpg 768w, https:\/\/www.optowest.fi\/wp-content\/uploads\/2024\/01\/DraFiberHem-1536x1229.jpg 1536w, https:\/\/www.optowest.fi\/wp-content\/uploads\/2024\/01\/DraFiberHem.jpg 2000w\" sizes=\"auto, (max-width: 1024px) 100vw, 1024px\" \/><\/a><\/figure>\n<\/div>\n\n\n<p class=\"has-vivid-cyan-blue-color has-text-color has-link-color wp-elements-d148bb04d98454ad3356a46d8d5e3fa9\"><strong>En fiberbest\u00e4llning b\u00f6rjar med att ans\u00f6ka om medlemsskap i andelslaget samt en kontroll av att adressen \u00e4r aktiverad f\u00f6r fiber (se kartornas gr\u00f6na omr\u00e5den)<\/strong>.<\/p>\n\n\n\n<p>Best\u00e4ll:<\/p>\n\n\n\n<ul class=\"wp-block-list\">\n<li><a href=\"https:\/\/www.vismasignforms.com\/sv\/form\/e6c1c225-b49b-470d-9018-23cff24ab9ff\" data-type=\"link\" data-id=\"https:\/\/www.vismasignforms.com\/sv\/form\/e6c1c225-b49b-470d-9018-23cff24ab9ff\">Direkt med blankett&#8230; <\/a><\/li>\n\n\n\n<li>Med e-post till <a href=\"mailto:info@optwest.fi\">info@optwest.fi<\/a><\/li>\n\n\n\n<li>Per telefon 045 874&nbsp;9445<br><br><strong>Optowests styrelse<\/strong><br><br>Projektdragare<br><strong>Guje K\u00e4llberg<br><a href=\"https:\/\/www.algotronics.fi\" target=\"_blank\" rel=\"noreferrer noopener\">Algotronics Ab<\/a><\/strong><br><\/li>\n<\/ul>\n\n\n\n<p><a href=\"https:\/\/www.optowest.fi\/wp-content\/uploads\/2024\/01\/Optowest_PadvaKorsuddarna_kartor_2024_01_25.pdf\" target=\"_blank\" rel=\"noreferrer noopener\">Ladda ner kartorna i PDF-format.<\/a><\/p>\n\n\n\n<figure class=\"wp-block-image size-full is-style-default\"><a href=\"https:\/\/www.optowest.fi\/wp-content\/uploads\/2024\/01\/image.png\"><img loading=\"lazy\" decoding=\"async\" width=\"1585\" height=\"1124\" src=\"https:\/\/www.optowest.fi\/wp-content\/uploads\/2024\/01\/image.png\" alt=\"\" class=\"wp-image-2515\" srcset=\"https:\/\/www.optowest.fi\/wp-content\/uploads\/2024\/01\/image.png 1585w, https:\/\/www.optowest.fi\/wp-content\/uploads\/2024\/01\/image-300x213.png 300w, https:\/\/www.optowest.fi\/wp-content\/uploads\/2024\/01\/image-1024x726.png 1024w, https:\/\/www.optowest.fi\/wp-content\/uploads\/2024\/01\/image-768x545.png 768w, https:\/\/www.optowest.fi\/wp-content\/uploads\/2024\/01\/image-1536x1089.png 1536w\" sizes=\"auto, (max-width: 1585px) 100vw, 1585px\" \/><\/a><\/figure>\n\n\n\n<figure class=\"wp-block-image size-full\"><a href=\"https:\/\/www.optowest.fi\/wp-content\/uploads\/2024\/01\/image-1.png\"><img loading=\"lazy\" decoding=\"async\" width=\"1572\" height=\"1114\" src=\"https:\/\/www.optowest.fi\/wp-content\/uploads\/2024\/01\/image-1.png\" alt=\"\" class=\"wp-image-2516\" srcset=\"https:\/\/www.optowest.fi\/wp-content\/uploads\/2024\/01\/image-1.png 1572w, https:\/\/www.optowest.fi\/wp-content\/uploads\/2024\/01\/image-1-300x213.png 300w, https:\/\/www.optowest.fi\/wp-content\/uploads\/2024\/01\/image-1-1024x726.png 1024w, https:\/\/www.optowest.fi\/wp-content\/uploads\/2024\/01\/image-1-768x544.png 768w, https:\/\/www.optowest.fi\/wp-content\/uploads\/2024\/01\/image-1-1536x1088.png 1536w\" sizes=\"auto, (max-width: 1572px) 100vw, 1572px\" \/><\/a><\/figure>\n\n\n\n<figure class=\"wp-block-image size-full\"><a href=\"https:\/\/www.optowest.fi\/wp-content\/uploads\/2024\/01\/image-2.png\"><img loading=\"lazy\" decoding=\"async\" width=\"1571\" height=\"1110\" src=\"https:\/\/www.optowest.fi\/wp-content\/uploads\/2024\/01\/image-2.png\" alt=\"\" class=\"wp-image-2517\" srcset=\"https:\/\/www.optowest.fi\/wp-content\/uploads\/2024\/01\/image-2.png 1571w, https:\/\/www.optowest.fi\/wp-content\/uploads\/2024\/01\/image-2-300x212.png 300w, https:\/\/www.optowest.fi\/wp-content\/uploads\/2024\/01\/image-2-1024x724.png 1024w, https:\/\/www.optowest.fi\/wp-content\/uploads\/2024\/01\/image-2-768x543.png 768w, https:\/\/www.optowest.fi\/wp-content\/uploads\/2024\/01\/image-2-1536x1085.png 1536w\" sizes=\"auto, (max-width: 1571px) 100vw, 1571px\" \/><\/a><\/figure>\n\n\n\n<figure class=\"wp-block-image size-full\"><a href=\"https:\/\/www.optowest.fi\/wp-content\/uploads\/2024\/01\/image-3.png\"><img loading=\"lazy\" decoding=\"async\" width=\"1590\" height=\"1124\" src=\"https:\/\/www.optowest.fi\/wp-content\/uploads\/2024\/01\/image-3.png\" alt=\"\" class=\"wp-image-2518\" srcset=\"https:\/\/www.optowest.fi\/wp-content\/uploads\/2024\/01\/image-3.png 1590w, https:\/\/www.optowest.fi\/wp-content\/uploads\/2024\/01\/image-3-300x212.png 300w, https:\/\/www.optowest.fi\/wp-content\/uploads\/2024\/01\/image-3-1024x724.png 1024w, https:\/\/www.optowest.fi\/wp-content\/uploads\/2024\/01\/image-3-768x543.png 768w, https:\/\/www.optowest.fi\/wp-content\/uploads\/2024\/01\/image-3-1536x1086.png 1536w\" sizes=\"auto, (max-width: 1590px) 100vw, 1590px\" \/><\/a><\/figure>\n\n\n\n<figure class=\"wp-block-image size-full\"><a href=\"https:\/\/www.optowest.fi\/wp-content\/uploads\/2024\/01\/image-4.png\"><img loading=\"lazy\" decoding=\"async\" width=\"1589\" height=\"1122\" src=\"https:\/\/www.optowest.fi\/wp-content\/uploads\/2024\/01\/image-4.png\" alt=\"\" class=\"wp-image-2519\" srcset=\"https:\/\/www.optowest.fi\/wp-content\/uploads\/2024\/01\/image-4.png 1589w, https:\/\/www.optowest.fi\/wp-content\/uploads\/2024\/01\/image-4-300x212.png 300w, https:\/\/www.optowest.fi\/wp-content\/uploads\/2024\/01\/image-4-1024x723.png 1024w, https:\/\/www.optowest.fi\/wp-content\/uploads\/2024\/01\/image-4-768x542.png 768w, https:\/\/www.optowest.fi\/wp-content\/uploads\/2024\/01\/image-4-1536x1085.png 1536w\" sizes=\"auto, (max-width: 1589px) 100vw, 1589px\" \/><\/a><\/figure>\n\n\n\n<figure class=\"wp-block-image size-full\"><a href=\"https:\/\/www.optowest.fi\/wp-content\/uploads\/2024\/01\/image-5.png\"><img loading=\"lazy\" decoding=\"async\" width=\"1583\" height=\"1110\" src=\"https:\/\/www.optowest.fi\/wp-content\/uploads\/2024\/01\/image-5.png\" alt=\"\" class=\"wp-image-2520\" srcset=\"https:\/\/www.optowest.fi\/wp-content\/uploads\/2024\/01\/image-5.png 1583w, https:\/\/www.optowest.fi\/wp-content\/uploads\/2024\/01\/image-5-300x210.png 300w, https:\/\/www.optowest.fi\/wp-content\/uploads\/2024\/01\/image-5-1024x718.png 1024w, https:\/\/www.optowest.fi\/wp-content\/uploads\/2024\/01\/image-5-768x539.png 768w, https:\/\/www.optowest.fi\/wp-content\/uploads\/2024\/01\/image-5-1536x1077.png 1536w\" sizes=\"auto, (max-width: 1583px) 100vw, 1583px\" \/><\/a><\/figure>\n","protected":false},"excerpt":{"rendered":"<p>Optowest h\u00f6ll ett info-m\u00f6te i Villa Vera s\u00f6ndagen den 4.2.2024 Budskapet p\u00e5 m\u00f6tet var att andelslaget \u00e4nnu en tid (februari-mars 2024) kan ta emot fiberbest\u00e4llningar p\u00e5 projektomr\u00e5det i Padva, V\u00e4ttlax, Orvalx och Korsuddarna. Fiberkablarna kommer att bli nerlagda under 2024. Endast de som best\u00e4llt en fiberanslutning kommer att kunna f\u00e5 en anslutning. Alla andra inom [&hellip;]<\/p>\n","protected":false},"author":3,"featured_media":2566,"parent":0,"menu_order":0,"comment_status":"closed","ping_status":"closed","template":"","meta":{"footnotes":""},"class_list":["post-2502","page","type-page","status-publish","has-post-thumbnail","hentry"],"_links":{"self":[{"href":"https:\/\/www.optowest.fi\/index.php?rest_route=\/wp\/v2\/pages\/2502","targetHints":{"allow":["GET"]}}],"collection":[{"href":"https:\/\/www.optowest.fi\/index.php?rest_route=\/wp\/v2\/pages"}],"about":[{"href":"https:\/\/www.optowest.fi\/index.php?rest_route=\/wp\/v2\/types\/page"}],"author":[{"embeddable":true,"href":"https:\/\/www.optowest.fi\/index.php?rest_route=\/wp\/v2\/users\/3"}],"replies":[{"embeddable":true,"href":"https:\/\/www.optowest.fi\/index.php?rest_route=%2Fwp%2Fv2%2Fcomments&post=2502"}],"version-history":[{"count":77,"href":"https:\/\/www.optowest.fi\/index.php?rest_route=\/wp\/v2\/pages\/2502\/revisions"}],"predecessor-version":[{"id":2714,"href":"https:\/\/www.optowest.fi\/index.php?rest_route=\/wp\/v2\/pages\/2502\/revisions\/2714"}],"wp:featuredmedia":[{"embeddable":true,"href":"https:\/\/www.optowest.fi\/index.php?rest_route=\/wp\/v2\/media\/2566"}],"wp:attachment":[{"href":"https:\/\/www.optowest.fi\/index.php?rest_route=%2Fwp%2Fv2%2Fmedia&parent=2502"}],"curies":[{"name":"wp","href":"https:\/\/api.w.org\/{rel}","templated":true}]}}